{"id":15704,"date":"2025-02-17T14:17:20","date_gmt":"2025-02-17T13:17:20","guid":{"rendered":"https:\/\/explore-dance.de\/?page_id=15704"},"modified":"2025-03-21T11:30:57","modified_gmt":"2025-03-21T10:30:57","slug":"2024-5-festival-fuer-junges-publikum-in-der-fabrik-potsdam","status":"publish","type":"page","link":"https:\/\/explore-dance.de\/en\/festival\/2024-5-festival-fuer-junges-publikum-in-der-fabrik-potsdam\/","title":{"rendered":"#5 explore dance Festival for young audience"},"content":{"rendered":"<div class=\"wpb-content-wrapper\"><p>[vc_row full_width=&#8221;stretch_row_content_no_spaces&#8221; css=&#8221;.vc_custom_1594550520294{margin-top: 0px !important;margin-bottom: 50px !important;padding-top: 0px !important;padding-bottom: 0px !important;}&#8221;][vc_column css=&#8221;.vc_custom_1544536186309{margin-top: 0px !important;margin-bottom: 0px !important;padding-top: 0px !important;padding-bottom: 0px !important;}&#8221;][vc_single_image image=&#8221;16495&#8243; img_size=&#8221;full&#8221; alignment=&#8221;center&#8221; css=&#8221;.vc_custom_1739959785126{margin-top: 0px !important;margin-bottom: 0px !important;padding-top: 0px !important;padding-bottom: 0px !important;}&#8221;][\/vc_column][\/vc_row][vc_row][vc_column][vc_column_text css=&#8221;&#8221;]<\/p>\n<h1>#5 explore dance Festival for young audience<\/h1>\n<p>[\/vc_column_text][\/vc_column][\/vc_row][vc_row css=&#8221;.vc_custom_1737405912458{margin-bottom: 80px !important;}&#8221;][vc_column][vc_tta_accordion style=&#8221;modern&#8221; shape=&#8221;square&#8221; color=&#8221;white&#8221; c_icon=&#8221;chevron&#8221; c_position=&#8221;right&#8221; active_section=&#8221;1&#8243;][vc_tta_section title=&#8221;PROGRAM&#8221; tab_id=&#8221;PROGRAMM&#8221;][vc_column_text css=&#8221;&#8221;]5 dance pieces for young audience with 13 performances at different venues: The explore dance Festival #5 invited children, young people, families, school classes and teachers to encounter contemporary dance in all its diversity. Stage productions and mobile pop-ups were shown on the fabrik Potsdam stage, in schools, gyms and socio-cultural centres in Potsdam and the state of Brandenburg. There was also an exciting supporting programme with workshops for teachers, an exchange format between youth dance groups from Potsdam and Brandenburg, network meetings of explore dance choreographers and a cultural-political panel discussion.[\/vc_column_text][\/vc_tta_section][vc_tta_section title=&#8221;Trailer&#8221; tab_id=&#8221;1737381503331-fedbfdfa-9daa&#8221;][vc_video link=&#8221;https:\/\/vimeo.com\/771162051&#8243; css=&#8221;&#8221;][\/vc_tta_section][vc_tta_section title=&#8221;Panelzugang&#8221; tab_id=&#8221;Panelzugang&#8221;][vc_column_text css=&#8221;&#8221;][\/vc_column_text][\/vc_tta_section][\/vc_tta_accordion][\/vc_column][\/vc_row][vc_row disable_element=&#8221;yes&#8221; css=&#8221;.vc_custom_1738138250238{margin-bottom: 60px !important;}&#8221;][vc_column][vc_column_text css=&#8221;&#8221;]<\/p>\n<h2>Bilder<\/h2>\n<p>[\/vc_column_text][vc_images_carousel images=&#8221;874,872,870,868&#8243; img_size=&#8221;medium&#8221; slides_per_view=&#8221;3&#8243; hide_pagination_control=&#8221;yes&#8221; wrap=&#8221;yes&#8221; css=&#8221;&#8221;][\/vc_column][\/vc_row][vc_row][vc_column][vc_column_text css=&#8221;&#8221;]<\/p>\n<h2>Schedule<\/h2>\n<p>[\/vc_column_text][\/vc_column][\/vc_row][vc_row full_width=&#8221;stretch_row_content&#8221; css=&#8221;.vc_custom_1739787455129{margin-bottom: 60px !important;}&#8221;][vc_column][vc_column_text css=&#8221;&#8221;]<ul id=\"calendar-list\" class=\"calendar-home collapsible\" data-collapsible=\"accordion\" aria-live=\"polite\"><li class=\"potsdam-en festival-2-en school-performance schulauffuehrung-en suite\" data-post-id=\"14229\"><div class=\"collapsible-header\"><span class=\"calendar-sep\">,<\/span><span class=\"calendar-location\"> fabrik Potsdam <\/span><div class=\"calendar-image\"><img decoding=\"async\" src=\"https:\/\/explore-dance.de\/wp-content\/uploads\/2018\/12\/211124_OGP_JENNY_BEYER_SUITE_0170_hires_Oencue-Gueltekin-Kachel.jpeg\" alt=\"Suite, Jenny Beyer\" \/><\/div><\/div><div class=\"calendar-content\"><span class=\"calendar-meta-location\">Potsdam<\/span><span class=\"calendar-date\">23.09.2024, <span class=\"calendar-meta-time\">10:30<\/span> Uhr<\/span><div class=\"calendar-title\"><p><a href=\"https:\/\/explore-dance.de\/en\/produktionen\/jenny-beyer-suite\/\">Suite, Jenny Beyer<\/a><\/p><\/div><div class=\"calendar-meta\"><span class=\"calendar-location\">fabrik Potsdam <\/span><span class=\"calendar-post-id\"> (ID: 14229)<\/span><\/div><div class=\"calendar-body\"><p><\/p><\/div><\/div><div class=\"calendar-btn-typ\"><a class=\"ticket-btn \" href=\"https:\/\/fabrikpotsdam-gutscheine.reservix.de\/events\" target=\"_blank\">Tickets<\/a><span class=\"calendar-meta-typ\">Festival, School performance, Schulauff\u00fchrung<\/span><\/div><\/li><\/ul><div class=\"display-debug\"><p id=\"loaded-count\">Initial geladen: -1<\/p><p id=\"loaded-after-count\">Nachgeladen: 0<\/p><p id=\"total-loaded-count\">Gesamt geladen: 0<\/p><p id=\"total-available-count\">Gefundene Beitr\u00e4ge Anzahl: 1<\/p><p id=\"found-post-ids\">Gefundene Beitr\u00e4ge IDs: <span>14229<\/span><\/p><p id=\"available-post-ids\">Nachgeladene Beitr\u00e4ge IDs: <span><\/span><\/p><p id=\"initial-post-ids\">Initial geladene Beitr\u00e4ge IDs: <span>14229<\/span><\/p><\/div>[\/vc_column_text][\/vc_column][\/vc_row][vc_row disable_element=&#8221;yes&#8221;][vc_column][vc_column_text css=&#8221;&#8221;]<\/p>\n<h2>Lorem Ipsum<\/h2>\n<p>[\/vc_column_text][\/vc_column][\/vc_row][vc_row full_width=&#8221;stretch_row_content&#8221;][vc_column][vc_separator border_width=&#8221;5&#8243;][\/vc_column][\/vc_row][vc_row css=&#8221;.vc_custom_1739786850573{margin-bottom: 0px !important;}&#8221;][vc_column width=&#8221;2\/3&#8243;][vc_column_text css=&#8221;.vc_custom_1739786592113{margin-bottom: 0px !important;}&#8221;]<\/p>\n<h2>VERGANGENE FESTIVALS<\/h2>\n<p>[\/vc_column_text][\/vc_column][vc_column width=&#8221;1\/3&#8243;][vc_column_text css=&#8221;&#8221;]<\/p>\n<p style=\"text-align: right;\"><a href=\"https:\/\/explore-dance.de\/festival\/\">Alle Festivals<\/a><\/p>\n<p>[\/vc_column_text][\/vc_column][\/vc_row][vc_row full_width=&#8221;stretch_row_content&#8221;][vc_column][vc_column_text css=&#8221;&#8221;]<div class=\"pt-cv-wrapper\"><div class=\"pt-cv-view pt-cv-blockgrid iscvblock iscvhybrid grid1 layout2 pt-cv-pgloadmore ed-cvgrid2-col3 festivals\" id=\"pt-cv-view-f1e74d3eb7\"><div data-id=\"pt-cv-page-1\" class=\"pt-cv-page\" data-cvc=\"3\"><div class=\" pt-cv-content-item pt-cv-1-col cvp-term-translation_priority-optional-en cvp-term-ort-potsdam-en\"  data-pid=\"18996\"><div class=\"pt-cv-thumb-wrapper  \"><a href=\"https:\/\/explore-dance.de\/en\/festival\/7-explore-dance-festival-for-young-audiences\/\" class=\"_self pt-cv-href-thumbnail pt-cv-thumb-default cvplbd cvp-lazy-container\" target=\"_self\" ><img loading=\"lazy\" decoding=\"async\" width=\"600\" height=\"392\" src=\"https:\/\/explore-dance.de\/wp-content\/plugins\/pt-content-views-pro\/public\/assets\/images\/lazy_image.png\" class=\"pt-cv-thumbnail img-none skip-lazy  cvplazy\" alt=\"#7 explore dance Festival for young audiences\" data-cvpsrc=\"https:\/\/explore-dance.de\/wp-content\/uploads\/2024\/08\/Webbanner_festival_potsdam_Startseite_2500x1633-1-600x392.jpg\" data-cvpset=\"https:\/\/explore-dance.de\/wp-content\/uploads\/2024\/08\/Webbanner_festival_potsdam_Startseite_2500x1633-1-600x392.jpg 600w, https:\/\/explore-dance.de\/wp-content\/uploads\/2024\/08\/Webbanner_festival_potsdam_Startseite_2500x1633-1-1600x1045.jpg 1600w, https:\/\/explore-dance.de\/wp-content\/uploads\/2024\/08\/Webbanner_festival_potsdam_Startseite_2500x1633-1-768x502.jpg 768w, https:\/\/explore-dance.de\/wp-content\/uploads\/2024\/08\/Webbanner_festival_potsdam_Startseite_2500x1633-1-1536x1003.jpg 1536w, https:\/\/explore-dance.de\/wp-content\/uploads\/2024\/08\/Webbanner_festival_potsdam_Startseite_2500x1633-1-2048x1338.jpg 2048w\" \/><\/a><\/div>\n<div class=\"pt-cv-remain-wrapper\"><div class=\"pt-cv-content\">24 - 29. September 2025, Potsdam<\/div><h2 class=\"pt-cv-title\"><a href=\"https:\/\/explore-dance.de\/en\/festival\/7-explore-dance-festival-for-young-audiences\/\" class=\"_self cvplbd\" target=\"_self\" >#7 explore dance Festival for young audiences<\/a><\/h2><\/div><\/div>\n<div class=\" pt-cv-content-item pt-cv-1-col cvp-term-ort-munich-en cvp-term-translation_priority-optional-en\"  data-pid=\"16772\"><div class=\"pt-cv-thumb-wrapper  \"><a href=\"https:\/\/explore-dance.de\/en\/festival\/6-explore-dance-festival-fuer-junges-publikum\/\" class=\"_self pt-cv-href-thumbnail pt-cv-thumb-default cvplbd cvp-lazy-container\" target=\"_self\" ><img loading=\"lazy\" decoding=\"async\" width=\"600\" height=\"392\" src=\"https:\/\/explore-dance.de\/wp-content\/plugins\/pt-content-views-pro\/public\/assets\/images\/lazy_image.png\" class=\"pt-cv-thumbnail img-none skip-lazy  cvplazy\" alt=\"#6 \u2013 explore dance festival for young audience\" data-cvpsrc=\"https:\/\/explore-dance.de\/wp-content\/uploads\/2025\/03\/20240402_SecondHandDance_TheStickyDance_ThePlace_\u00a9FoteiniChristofilopoulou-8-2-Kopie-2-600x392.jpg\" data-cvpset=\"https:\/\/explore-dance.de\/wp-content\/uploads\/2025\/03\/20240402_SecondHandDance_TheStickyDance_ThePlace_\u00a9FoteiniChristofilopoulou-8-2-Kopie-2-600x392.jpg 600w, https:\/\/explore-dance.de\/wp-content\/uploads\/2025\/03\/20240402_SecondHandDance_TheStickyDance_ThePlace_\u00a9FoteiniChristofilopoulou-8-2-Kopie-2-1600x1045.jpg 1600w, https:\/\/explore-dance.de\/wp-content\/uploads\/2025\/03\/20240402_SecondHandDance_TheStickyDance_ThePlace_\u00a9FoteiniChristofilopoulou-8-2-Kopie-2-768x502.jpg 768w, https:\/\/explore-dance.de\/wp-content\/uploads\/2025\/03\/20240402_SecondHandDance_TheStickyDance_ThePlace_\u00a9FoteiniChristofilopoulou-8-2-Kopie-2-1536x1003.jpg 1536w, https:\/\/explore-dance.de\/wp-content\/uploads\/2025\/03\/20240402_SecondHandDance_TheStickyDance_ThePlace_\u00a9FoteiniChristofilopoulou-8-2-Kopie-2-2048x1338.jpg 2048w\" \/><\/a><\/div>\n<div class=\"pt-cv-remain-wrapper\"><div class=\"pt-cv-content\">06 - 10 MAY 2025, Munich<\/div><h2 class=\"pt-cv-title\"><a href=\"https:\/\/explore-dance.de\/en\/festival\/6-explore-dance-festival-fuer-junges-publikum\/\" class=\"_self cvplbd\" target=\"_self\" >#6 \u2013 explore dance festival for young audience<\/a><\/h2><\/div><\/div>\n<div class=\" pt-cv-content-item pt-cv-1-col cvp-term-translation_priority-optional-en cvp-term-ort-potsdam-en\"  data-pid=\"15704\"><div class=\"pt-cv-thumb-wrapper  \"><a href=\"https:\/\/explore-dance.de\/en\/festival\/2024-5-festival-fuer-junges-publikum-in-der-fabrik-potsdam\/\" class=\"_self pt-cv-href-thumbnail pt-cv-thumb-default cvplbd cvp-lazy-container\" target=\"_self\" ><img loading=\"lazy\" decoding=\"async\" width=\"600\" height=\"392\" src=\"https:\/\/explore-dance.de\/wp-content\/plugins\/pt-content-views-pro\/public\/assets\/images\/lazy_image.png\" class=\"pt-cv-thumbnail img-none skip-lazy  cvplazy\" alt=\"Eine T\u00e4nzerin und ein T\u00e4nzer in wei\u00dfen Kost\u00fcmen performen auf der B\u00fchne\" data-cvpsrc=\"https:\/\/explore-dance.de\/wp-content\/uploads\/2024\/12\/Kosmokoerper_Potsdam_web58_Foto_Piotr-Pietrus-600x392.jpg\" data-cvpset=\"https:\/\/explore-dance.de\/wp-content\/uploads\/2024\/12\/Kosmokoerper_Potsdam_web58_Foto_Piotr-Pietrus-600x392.jpg 600w, https:\/\/explore-dance.de\/wp-content\/uploads\/2024\/12\/Kosmokoerper_Potsdam_web58_Foto_Piotr-Pietrus-1600x1045.jpg 1600w, https:\/\/explore-dance.de\/wp-content\/uploads\/2024\/12\/Kosmokoerper_Potsdam_web58_Foto_Piotr-Pietrus-768x502.jpg 768w, https:\/\/explore-dance.de\/wp-content\/uploads\/2024\/12\/Kosmokoerper_Potsdam_web58_Foto_Piotr-Pietrus-1536x1003.jpg 1536w, https:\/\/explore-dance.de\/wp-content\/uploads\/2024\/12\/Kosmokoerper_Potsdam_web58_Foto_Piotr-Pietrus-2048x1338.jpg 2048w\" \/><\/a><\/div>\n<div class=\"pt-cv-remain-wrapper\"><div class=\"pt-cv-content\">20 - 26 September 2024, POTSDAM<\/div><h2 class=\"pt-cv-title\"><a href=\"https:\/\/explore-dance.de\/en\/festival\/2024-5-festival-fuer-junges-publikum-in-der-fabrik-potsdam\/\" class=\"_self cvplbd\" target=\"_self\" >#5 explore dance Festival for young audience<\/a><\/h2><\/div><\/div><\/div><\/div>\n<div class=\"text-center pt-cv-pagination-wrapper\"><a href='https:\/\/explore-dance.de\/en\/wp-json\/wp\/v2\/pages\/15704\/?_page=2' onclick='event.preventDefault()' class=\"pt-cv-more btn btn-primary btn-sm\" data-totalpages=\"2\" data-nextpages=\"2\" data-sid=\"f1e74d3eb7\" data-unid=\"\" data-isblock=\"\" data-postid=\"\">Mehr laden <span class=\"caret\"><\/span><\/a><img loading=\"lazy\" decoding=\"async\" width=\"15\" height=\"15\" class=\"pt-cv-spinner\" alt=\"Loading...\" src=\"data:image\/gif;base64,R0lGODlhDwAPALMPAMrKygwMDJOTkz09PZWVla+vr3p6euTk5M7OzuXl5TMzMwAAAJmZmWZmZszMzP\/\/\/yH\/C05FVFNDQVBFMi4wAwEAAAAh+QQFCgAPACwAAAAADwAPAAAEQvDJaZaZOIcV8iQK8VRX4iTYoAwZ4iCYoAjZ4RxejhVNoT+mRGP4cyF4Pp0N98sBGIBMEMOotl6YZ3S61Bmbkm4mAgAh+QQFCgAPACwAAAAADQANAAAENPDJSRSZeA418itN8QiK8BiLITVsFiyBBIoYqnoewAD4xPw9iY4XLGYSjkQR4UAUD45DLwIAIfkEBQoADwAsAAAAAA8ACQAABC\/wyVlamTi3nSdgwFNdhEJgTJoNyoB9ISYoQmdjiZPcj7EYCAeCF1gEDo4Dz2eIAAAh+QQFCgAPACwCAAAADQANAAAEM\/DJBxiYeLKdX3IJZT1FU0iIg2RNKx3OkZVnZ98ToRD4MyiDnkAh6BkNC0MvsAj0kMpHBAAh+QQFCgAPACwGAAAACQAPAAAEMDC59KpFDll73HkAA2wVY5KgiK5b0RRoI6MuzG6EQqCDMlSGheEhUAgqgUUAFRySIgAh+QQFCgAPACwCAAIADQANAAAEM\/DJKZNLND\/kkKaHc3xk+QAMYDKsiaqmZCxGVjSFFCxB1vwy2oOgIDxuucxAMTAJFAJNBAAh+QQFCgAPACwAAAYADwAJAAAEMNAs86q1yaWwwv2Ig0jUZx3OYa4XoRAfwADXoAwfo1+CIjyFRuEho60aSNYlOPxEAAAh+QQFCgAPACwAAAIADQANAAAENPA9s4y8+IUVcqaWJ4qEQozSoAzoIyhCK2NFU2SJk0hNnyEOhKR2AzAAj4Pj4GE4W0bkJQIAOw==\" \/><div class=\"clear pt-cv-clear-pagination\"><\/div><\/div><\/div>\t\t\t<style type=\"text\/css\" id=\"pt-cv-inline-style-ba47ee4oeb\">\n#pt-cv-view-f1e74d3eb7 .pt-cv-thumb-wrapper:not(.miniwrap) {  }#pt-cv-view-f1e74d3eb7 .pt-cv-thumbnail:not(.pt-cv-thumbnailsm) { height: 250%; }#pt-cv-view-f1e74d3eb7 > .pt-cv-page {grid-template-columns: repeat(3, 1fr);grid-gap: 50px;}\n@media all and (max-width: 1024px) { \n#pt-cv-view-f1e74d3eb7 > .pt-cv-page {grid-template-columns: repeat(1, 1fr);}\n} \n@media all and (max-width: 767px) { \n#pt-cv-view-f1e74d3eb7 > .pt-cv-page {grid-template-columns: repeat(1, 1fr);}\n} <\/style>\r\n\t\t\t\t\t\t<style type=\"text\/css\" id=\"pt-cv-inline-style-234676a3tu\">#pt-cv-view-f1e74d3eb7  { margin-top: 35px !important; margin-right: 0px !important; margin-bottom: 35px !important; margin-left: 0px !important; }\n#pt-cv-view-f1e74d3eb7 .pt-cv-content-item { padding-top: 0px !important; padding-right: 0px !important; padding-bottom: 0px !important; padding-left: 0px !important; }\n#pt-cv-view-f1e74d3eb7 .pt-cv-title a, #pt-cv-view-f1e74d3eb7  .panel-title { font-size: 45px !important; line-height: 1.2 !important; }\n@media (min-width: 768px) and (max-width: 991px) {#pt-cv-view-f1e74d3eb7 .pt-cv-title a, #pt-cv-view-f1e74d3eb7  .panel-title { font-size: 32px !important }}\n@media (max-width: 767px) {#pt-cv-view-f1e74d3eb7 .pt-cv-title a, #pt-cv-view-f1e74d3eb7  .panel-title { font-size: 32px !important }}\n#pt-cv-view-f1e74d3eb7 .pt-cv-content , #pt-cv-view-f1e74d3eb7  .pt-cv-content *:not(.pt-cv-readmore):not(style):not(script) { text-transform: uppercase !important; margin: 0px 0px 0px 0px !important; padding: 0px 0px 0px 0px !important; }\n#pt-cv-view-f1e74d3eb7 .pt-cv-remain-wrapper  { padding: 30px 30px 30px 30px !important; }\n#pt-cv-view-f1e74d3eb7 .pt-cv-meta-fields * { font-size: 25px !important; line-height: 1.3 !important; color: #000000 !important; }\n#pt-cv-view-f1e74d3eb7 .pt-cv-custom-fields * { text-transform: uppercase !important; }\n#pt-cv-view-f1e74d3eb7 .pt-cv-readmore  { font-size: 22px !important; line-height: 1.3 !important; color: #000000 !important; }\n#pt-cv-view-f1e74d3eb7 .pt-cv-readmore:hover  { color: #000000 !important; text-decoration: underline !important; }\n#pt-cv-view-f1e74d3eb7  + .pt-cv-pagination-wrapper .pt-cv-more , #pt-cv-view-f1e74d3eb7  + .pt-cv-pagination-wrapper .pagination .active a, .pt-cv-pagination[data-sid='f1e74d3eb7'] .active a { font-size: 16px !important; line-height: 1.3 !important; color: #000000 !important; background-color: #ffffff !important; font-weight: 600 !important; text-transform: uppercase !important; border-width: 3px 3px 3px 3px !important; border-style: solid !important; border-color: #000000 !important; margin: 40px 40px 40px 40px !important; padding: 16px 16px 16px 16px !important; }<\/style>\r\n\t\t\t[\/vc_column_text][\/vc_column][\/vc_row][vc_row full_width=&#8221;stretch_row&#8221; css=&#8221;.vc_custom_1737410408255{margin-top: 60px !important;margin-bottom: -10px !important;padding-bottom: 60px !important;background-color: #ffa743 !important;}&#8221;][vc_column][vc_column_text css=&#8221;&#8221;]<\/p>\n<h2>INFORMIERT BLEIBEN<\/h2>\n<p>[\/vc_column_text][vc_column_text css=&#8221;&#8221;]Neuigkeiten aus unserem Netzwerk und zum Thema Tanz f\u00fcr junges Publikum, Vorstellungstermine, Jobangebote und mehr erhaltet ihr \u00fcber unseren Newsletter, der alle 1-2 Monate erscheint. Tragt euch gern hier ein, wir halten euch auf dem Laufenden!<\/p>\n<p>&nbsp;<\/p>\n<p>[\/vc_column_text][vc_btn title=&#8221;Anmelden&#8221; style=&#8221;classic&#8221; shape=&#8221;square&#8221; color=&#8221;white&#8221; css=&#8221;&#8221; link=&#8221;url:https%3A%2F%2Fexplore-dance.de%2Fnewsletter%2F|title:Newsletter&#8221;][\/vc_column][\/vc_row]<\/p>\n<\/div>","protected":false},"excerpt":{"rendered":"<p>20 &#8211; 26 September 2024, POTSDAM [&#8230;]<\/p>\n<p><a class=\"btn btn-secondary understrap-read-more-link\" href=\"https:\/\/explore-dance.de\/en\/kalender\/suite-jenny-beyer-9\/\">Read More&#8230;<span class=\"screen-reader-text\"> from Suite, Jenny Beyer<\/span><\/a><\/p>\n","protected":false},"author":1,"featured_media":15412,"parent":3150,"menu_order":174,"comment_status":"closed","ping_status":"closed","template":"page-templates\/standardtemplate-nopadding.php","meta":{"_acf_changed":false,"footnotes":""},"class_list":["post-15704","page","type-page","status-publish","has-post-thumbnail","hentry","ort-potsdam-en"],"acf":[],"_links":{"self":[{"href":"https:\/\/explore-dance.de\/en\/wp-json\/wp\/v2\/pages\/15704","targetHints":{"allow":["GET"]}}],"collection":[{"href":"https:\/\/explore-dance.de\/en\/wp-json\/wp\/v2\/pages"}],"about":[{"href":"https:\/\/explore-dance.de\/en\/wp-json\/wp\/v2\/types\/page"}],"author":[{"embeddable":true,"href":"https:\/\/explore-dance.de\/en\/wp-json\/wp\/v2\/users\/1"}],"replies":[{"embeddable":true,"href":"https:\/\/explore-dance.de\/en\/wp-json\/wp\/v2\/comments?post=15704"}],"version-history":[{"count":20,"href":"https:\/\/explore-dance.de\/en\/wp-json\/wp\/v2\/pages\/15704\/revisions"}],"predecessor-version":[{"id":17292,"href":"https:\/\/explore-dance.de\/en\/wp-json\/wp\/v2\/pages\/15704\/revisions\/17292"}],"up":[{"embeddable":true,"href":"https:\/\/explore-dance.de\/en\/wp-json\/wp\/v2\/pages\/3150"}],"wp:featuredmedia":[{"embeddable":true,"href":"https:\/\/explore-dance.de\/en\/wp-json\/wp\/v2\/media\/15412"}],"wp:attachment":[{"href":"https:\/\/explore-dance.de\/en\/wp-json\/wp\/v2\/media?parent=15704"}],"curies":[{"name":"wp","href":"https:\/\/api.w.org\/{rel}","templated":true}]}}